{"id":75891,"date":"2023-06-21T11:56:26","date_gmt":"2023-06-21T08:56:26","guid":{"rendered":"https:\/\/irlanyahomes.com\/?post_type=estate&#038;p=75891"},"modified":"2025-02-26T13:17:12","modified_gmt":"2025-02-26T10:17:12","slug":"kucuker-palazzo-residence-project-for-sale-in-kestel","status":"publish","type":"estate","link":"https:\/\/irlanyahomes.com\/de\/properties\/projects\/kestel\/kucuker-palazzo-residence-project-for-sale-in-kestel\/","title":{"rendered":"K\u00fc\u00e7\u00fcker Palazzo Residenzprojekt zum Verkauf in Kestel"},"content":{"rendered":"<p>Unser vom weltber\u00fchmten Designer \u015eafak \u00c7ak entworfenes Projekt liegt am Meer und in der Region Alanya Kestel. Der Zugang zum Meer unseres Projekts, das auf einer gesch\u00e4tzten Fl\u00e4che von 7.000 m\u00b2 errichtet wird, erfolgt sowohl \u00fcber eine Unterf\u00fchrung als auch \u00fcber eine \u00dcberf\u00fchrung.<\/p>\n<p>Die sozialen Bereiche in unserem K\u00fc\u00e7\u00fcker Palazzo-Projekt sind wie folgt;<\/p>\n<p>&#8211; Au\u00dfen- und Innenpool<\/p>\n<p>&#8211; Fitnessraum<\/p>\n<p>&#8211; Kinderspielplatz<\/p>\n<p>&#8211; Spa-Center<\/p>\n<p>&#8211; Massageraum<\/p>\n<p>&#8211; Kino<\/p>\n<p>&#8211; T\u00fcrkisches Bad<\/p>\n<p>&#8211; Sauna<\/p>\n<p>&#8211; Dampfraum<\/p>\n<p>&#8211; Yoga-Bereiche<\/p>\n<p>&#8211; Offener und halb \u00fcberdachter Parkplatz<\/p>\n<p>&#8211; Barrierefrei f\u00fcr Behinderte<\/p>\n<p>Der Fertigstellungstermin unseres Projekts ist Mai 2025.<\/p>","protected":false},"excerpt":{"rendered":"<p>Unser vom weltber\u00fchmten Designer \u015eafak \u00c7ak entworfenes Projekt liegt am Meer und in der Region Alanya Kestel. Der Zugang zum Meer unseres Projekts, das auf einer gesch\u00e4tzten Fl\u00e4che von 7.000 m\u00b2 errichtet wird, erfolgt sowohl \u00fcber eine Unterf\u00fchrung als auch \u00fcber eine \u00dcberf\u00fchrung. Die sozialen Bereiche in unserem K\u00fc\u00e7\u00fcker Palazzo-Projekt sind wie folgt; &#8211; Au\u00dfen- [&hellip;]<\/p>\n","protected":false},"author":14,"featured_media":75894,"template":"","_links":{"self":[{"href":"https:\/\/irlanyahomes.com\/de\/wp-json\/wp\/v2\/estate\/75891"}],"collection":[{"href":"https:\/\/irlanyahomes.com\/de\/wp-json\/wp\/v2\/estate"}],"about":[{"href":"https:\/\/irlanyahomes.com\/de\/wp-json\/wp\/v2\/types\/estate"}],"author":[{"embeddable":true,"href":"https:\/\/irlanyahomes.com\/de\/wp-json\/wp\/v2\/users\/14"}],"wp:featuredmedia":[{"embeddable":true,"href":"https:\/\/irlanyahomes.com\/de\/wp-json\/wp\/v2\/media\/75894"}],"wp:attachment":[{"href":"https:\/\/irlanyahomes.com\/de\/wp-json\/wp\/v2\/media?parent=75891"}],"curies":[{"name":"wp","href":"https:\/\/api.w.org\/{rel}","templated":true}]}}